{"id":831,"date":"2014-08-24T17:14:26","date_gmt":"2014-08-24T15:14:26","guid":{"rendered":"http:\/\/ciondolo.dev.telemar.net\/agriturismo\/"},"modified":"2021-07-13T09:51:54","modified_gmt":"2021-07-13T07:51:54","slug":"agriturismo","status":"publish","type":"page","link":"https:\/\/www.ilmaggiociondolo.com\/de\/agriturismo\/","title":{"rendered":"Agriturismo"},"content":{"rendered":"\n<style type=\"text\/css\" data-created_by=\"avia_inline_auto\" id=\"style-css-av-av_section-eca4227b6d31b0225c38adac0a5c6e2c\">\n.avia-section.av-av_section-eca4227b6d31b0225c38adac0a5c6e2c .av-parallax .av-parallax-inner{\nbackground-repeat:no-repeat;\nbackground-image:url(https:\/\/www.ilmaggiociondolo.com\/wp-content\/uploads\/2016\/06\/150918_Maggio_011_small-1277x430.jpg);\nbackground-position:50% 50%;\nbackground-attachment:scroll;\n}\n.avia-section.av-av_section-eca4227b6d31b0225c38adac0a5c6e2c .av-section-color-overlay{\nopacity:0.4;\nbackground-color:#000000;\n}\n<\/style>\n<div id='av_section_1'  class='avia-section av-av_section-eca4227b6d31b0225c38adac0a5c6e2c main_color avia-section-large avia-no-border-styling  avia-builder-el-0  el_before_av_section  avia-builder-el-first  avia-full-stretch av-parallax-section avia-bg-style-parallax av-section-color-overlay-active container_wrap sidebar_right'  data-section-bg-repeat='stretch'><div class='av-parallax' data-avia-parallax-ratio='0.3' ><div class='av-parallax-inner main_color avia-full-stretch'><\/div><\/div><div class=\"av-section-color-overlay-wrap\"><div class=\"av-section-color-overlay\"><\/div><div class='container av-section-cont-open' ><main  role=\"main\" itemprop=\"mainContentOfPage\"  class='template-page content  av-content-small alpha units'><div class='post-entry post-entry-type-page post-entry-831'><div class='entry-content-wrapper clearfix'>\n\n<style type=\"text\/css\" data-created_by=\"avia_inline_auto\" id=\"style-css-av-av_heading-87b4959a5f5ce5cb43aaf76ae56d36a4\">\n#top .av-special-heading.av-av_heading-87b4959a5f5ce5cb43aaf76ae56d36a4{\npadding-bottom:10px;\ncolor:#ffffff;\nfont-size:40px;\n}\nbody .av-special-heading.av-av_heading-87b4959a5f5ce5cb43aaf76ae56d36a4 .av-special-heading-tag .heading-char{\nfont-size:25px;\n}\n#top #wrap_all .av-special-heading.av-av_heading-87b4959a5f5ce5cb43aaf76ae56d36a4 .av-special-heading-tag{\nfont-size:40px;\n}\n.av-special-heading.av-av_heading-87b4959a5f5ce5cb43aaf76ae56d36a4 .special-heading-inner-border{\nborder-color:#ffffff;\n}\n.av-special-heading.av-av_heading-87b4959a5f5ce5cb43aaf76ae56d36a4 .av-subheading{\nfont-size:15px;\n}\n\n@media only screen and (min-width: 480px) and (max-width: 767px){ \n#top #wrap_all .av-special-heading.av-av_heading-87b4959a5f5ce5cb43aaf76ae56d36a4 .av-special-heading-tag{\nfont-size:0.8em;\n}\n}\n\n@media only screen and (max-width: 479px){ \n#top #wrap_all .av-special-heading.av-av_heading-87b4959a5f5ce5cb43aaf76ae56d36a4 .av-special-heading-tag{\nfont-size:0.8em;\n}\n}\n<\/style>\n<div  class='av-special-heading av-av_heading-87b4959a5f5ce5cb43aaf76ae56d36a4 av-special-heading-h1 custom-color-heading blockquote modern-quote modern-centered  avia-builder-el-1  avia-builder-el-no-sibling  av-inherit-size'><h1 class='av-special-heading-tag '  itemprop=\"headline\"  >Agriturismo Il Maggiociondolo<\/h1><div class=\"special-heading-border\"><div class=\"special-heading-inner-border\"><\/div><\/div><\/div>\n\n<\/div><\/div><\/main><!-- close content main element --><\/div><\/div><\/div><div id='av_section_2'  class='avia-section av-av_section-f6ab5b81e634ea345e6c81f64e3dbfab main_color avia-section-default avia-no-shadow  avia-builder-el-2  el_after_av_section  el_before_av_slideshow_accordion  avia-bg-style-scroll container_wrap sidebar_right'  ><div class='container av-section-cont-open' ><div class='template-page content  av-content-small alpha units'><div class='post-entry post-entry-type-page post-entry-831'><div class='entry-content-wrapper clearfix'>\n\n<style type=\"text\/css\" data-created_by=\"avia_inline_auto\" id=\"style-css-av-av_one_full-9497bbf8bff73ea4c6992cc17fa9ec36\">\n.flex_column.av-av_one_full-9497bbf8bff73ea4c6992cc17fa9ec36{\nborder-radius:0px 0px 0px 0px;\npadding:0px 0px 0px 0px;\n}\n<\/style>\n<div  class='flex_column av-av_one_full-9497bbf8bff73ea4c6992cc17fa9ec36 av_one_full  avia-builder-el-3  el_before_av_one_half  avia-builder-el-first  first flex_column_div av-zero-column-padding  '     ><style type=\"text\/css\" data-created_by=\"avia_inline_auto\" id=\"style-css-av-av_heading-98bd1191f2613a5e0b4d0aa2793e54e4\">\n#top .av-special-heading.av-av_heading-98bd1191f2613a5e0b4d0aa2793e54e4{\npadding-bottom:20px;\nfont-size:34px;\n}\nbody .av-special-heading.av-av_heading-98bd1191f2613a5e0b4d0aa2793e54e4 .av-special-heading-tag .heading-char{\nfont-size:25px;\n}\n#top #wrap_all .av-special-heading.av-av_heading-98bd1191f2613a5e0b4d0aa2793e54e4 .av-special-heading-tag{\nfont-size:34px;\n}\n.av-special-heading.av-av_heading-98bd1191f2613a5e0b4d0aa2793e54e4 .av-subheading{\nfont-size:15px;\n}\n\n@media only screen and (min-width: 480px) and (max-width: 767px){ \n#top #wrap_all .av-special-heading.av-av_heading-98bd1191f2613a5e0b4d0aa2793e54e4 .av-special-heading-tag{\nfont-size:0.8em;\n}\n}\n\n@media only screen and (max-width: 479px){ \n#top #wrap_all .av-special-heading.av-av_heading-98bd1191f2613a5e0b4d0aa2793e54e4 .av-special-heading-tag{\nfont-size:0.8em;\n}\n}\n<\/style>\n<div  class='av-special-heading av-av_heading-98bd1191f2613a5e0b4d0aa2793e54e4 av-special-heading-h2 blockquote modern-quote  avia-builder-el-4  avia-builder-el-no-sibling  av-inherit-size'><div class='av-subheading av-subheading_above'><p>Il Maggiociondolo<\/p>\n<\/div><h2 class='av-special-heading-tag '  itemprop=\"headline\"  >Ruhe, Frieden und Stille nur zwei Schritte von Schio entfernt<\/h2><div class=\"special-heading-border\"><div class=\"special-heading-inner-border\"><\/div><\/div><\/div><\/div>\n<style type=\"text\/css\" data-created_by=\"avia_inline_auto\" id=\"style-css-av-av_one_half-d71a51a707c4656b37c9afbbd6138215\">\n.flex_column.av-av_one_half-d71a51a707c4656b37c9afbbd6138215{\nborder-radius:0px 0px 0px 0px;\npadding:0px 0px 0px 0px;\n}\n<\/style>\n<div  class='flex_column av-av_one_half-d71a51a707c4656b37c9afbbd6138215 av_one_half  avia-builder-el-5  el_after_av_one_full  el_before_av_one_half  first flex_column_div av-animated-generic bottom-to-top av-zero-column-padding  column-top-margin'     ><section  class='av_textblock_section av-av_textblock-0366cc7376be6c9e82a3e9cc8987b64f '   itemscope=\"itemscope\" itemtype=\"https:\/\/schema.org\/CreativeWork\" ><div class='avia_textblock'  itemprop=\"text\" ><p>Der Agriturismo Il Maggiocondolo liegt in den Vinzentiner Voralpen, auf einer H\u00f6he von 700 Metern, im Herzen der gr\u00fcnen Hochebene des Tretto.<br \/>\nDas Geb\u00e4ude, gerade erst restauriert, ist von der Stadt Schio leicht erreichbar, in weniger als 15 Minuten Autofahrt und bietet Unterkunft in 7\u00a0getrennten Zimmern mit Bad, im l\u00e4ndlichen Stil eingerichtet.<\/p>\n<p>Ruhe, Frieden, Stille\u00a0und der nahe Kontakt mit der Natur sind die charakteristischen Elemente Ihres Aufenthalts, egal ob Sie Ihren Urlaub bei uns verbringen oder auf Gesch\u00e4ftsreise sind.<br \/>\nUnsere G\u00e4ste erhalten ein k\u00f6stliches und gesundes Fr\u00fchst\u00fcck, basierend auf Produkten aus nat\u00fcrlichem, liebevollem Anbau aus den umliegenden landwirtschaftlichen Gebieten.<\/p>\n<\/div><\/section><\/div>\n<style type=\"text\/css\" data-created_by=\"avia_inline_auto\" id=\"style-css-av-av_one_half-93bea18e2ccb60552a17080633244dec\">\n.flex_column.av-av_one_half-93bea18e2ccb60552a17080633244dec{\nborder-radius:0px 0px 0px 0px;\npadding:0px 0px 0px 0px;\n}\n<\/style>\n<div  class='flex_column av-av_one_half-93bea18e2ccb60552a17080633244dec av_one_half  avia-builder-el-7  el_after_av_one_half  avia-builder-el-last  flex_column_div av-animated-generic bottom-to-top av-zero-column-padding  column-top-margin'     ><section  class='av_textblock_section av-av_textblock-0366cc7376be6c9e82a3e9cc8987b64f '   itemscope=\"itemscope\" itemtype=\"https:\/\/schema.org\/CreativeWork\" ><div class='avia_textblock'  itemprop=\"text\" ><p>Unter unseren Spezialit\u00e4ten finden sich Waldfrucht-Marmeladen, Fruchts\u00e4fte, Crostate (italienischer M\u00fcrbteigkuchen), Apfelstrudel, Joghurt und diverse andere Hausspezialit\u00e4ten, sorgsam zubereitet mit exklusiven Zutaten aus biologischem Anbau.<\/p>\n<p>Diese Form des Urlaubs ist eine wahre Alternative gegen\u00fcber einem gew\u00f6hnlichen Hotel und bietet das typische famili\u00e4re Ambiente eines Bed &amp; Breakfast. Das Haus ist vollst\u00e4ndig mit erneuerbarer und umweltfreundlicher Energie betrieben. Aufgrund der Lage ist es die ideale Ausgangsbasis f\u00fcr Ausfl\u00fcge in die nahen \u201ePiccole Dolomiti\u201c, wo es m\u00f6glich ist, mehrt\u00e4tige Trekking-Touren, ruhige, f\u00fcr Familien mit Kindern geeignete Spazierg\u00e4nge, Wander-, Reit- und Mountainbike-Routen zu organisieren.<\/p>\n<\/div><\/section><\/div>\n<style type=\"text\/css\" data-created_by=\"avia_inline_auto\" id=\"style-css-av-av_slideshow_accordion-bcdca8573c11da3a6c7eedadcf1ae8db\">\n.avia-accordion.av-av_slideshow_accordion-bcdca8573c11da3a6c7eedadcf1ae8db{\nmax-height:375px;\n}\n.avia-accordion.av-av_slideshow_accordion-bcdca8573c11da3a6c7eedadcf1ae8db .aviaccordion-preview{\nwidth:10.1%;\n}\n#top .avia-accordion.av-av_slideshow_accordion-bcdca8573c11da3a6c7eedadcf1ae8db .aviaccordion-title{\nfont-size:30px;\n}\n.avia-accordion .aviaccordion-slide.av-av_slideshow_accordion-bcdca8573c11da3a6c7eedadcf1ae8db__0{\nleft:0%;\n}\n.avia-accordion .aviaccordion-slide.av-av_slideshow_accordion-bcdca8573c11da3a6c7eedadcf1ae8db__1{\nleft:10%;\n}\n.avia-accordion .aviaccordion-slide.av-av_slideshow_accordion-bcdca8573c11da3a6c7eedadcf1ae8db__2{\nleft:20%;\n}\n.avia-accordion .aviaccordion-slide.av-av_slideshow_accordion-bcdca8573c11da3a6c7eedadcf1ae8db__3{\nleft:30%;\n}\n.avia-accordion .aviaccordion-slide.av-av_slideshow_accordion-bcdca8573c11da3a6c7eedadcf1ae8db__4{\nleft:40%;\n}\n.avia-accordion .aviaccordion-slide.av-av_slideshow_accordion-bcdca8573c11da3a6c7eedadcf1ae8db__5{\nleft:50%;\n}\n.avia-accordion .aviaccordion-slide.av-av_slideshow_accordion-bcdca8573c11da3a6c7eedadcf1ae8db__6{\nleft:60%;\n}\n.avia-accordion .aviaccordion-slide.av-av_slideshow_accordion-bcdca8573c11da3a6c7eedadcf1ae8db__7{\nleft:70%;\n}\n.avia-accordion .aviaccordion-slide.av-av_slideshow_accordion-bcdca8573c11da3a6c7eedadcf1ae8db__8{\nleft:80%;\n}\n.avia-accordion .aviaccordion-slide.av-av_slideshow_accordion-bcdca8573c11da3a6c7eedadcf1ae8db__9{\nleft:90%;\n}\n<\/style>\n<div  id=\"accordion_slider_1\"  class='aviaccordion avia-accordion av-av_slideshow_accordion-bcdca8573c11da3a6c7eedadcf1ae8db aviaccordion-title-active av-slideshow-manual av-loop-once ' data-slideshow-options=\"{&quot;interval&quot;:5,&quot;autoplay&quot;:false,&quot;loop_autoplay&quot;:&quot;once&quot;}\"  itemscope=\"itemscope\" itemtype=\"https:\/\/schema.org\/Blog\" ><ul class=\"aviaccordion-inner\"><li class='aviaccordion-slide av-av_slideshow_accordion-bcdca8573c11da3a6c7eedadcf1ae8db__0 aviaccordion-slide-1' data-av-left='0'  itemscope=\"itemscope\" itemtype=\"https:\/\/schema.org\/CreativeWork\" ><a class='aviaccordion-slide-link noHover' href=\"https:\/\/www.ilmaggiociondolo.com\/wp-content\/uploads\/2016\/06\/141107_Maggio_010_small-1030x666.jpg\" data-srcset=\"https:\/\/www.ilmaggiociondolo.com\/wp-content\/uploads\/2016\/06\/141107_Maggio_010_small-1030x666.jpg 1030w, https:\/\/www.ilmaggiociondolo.com\/wp-content\/uploads\/2016\/06\/141107_Maggio_010_small-300x194.jpg 300w, https:\/\/www.ilmaggiociondolo.com\/wp-content\/uploads\/2016\/06\/141107_Maggio_010_small-768x497.jpg 768w, https:\/\/www.ilmaggiociondolo.com\/wp-content\/uploads\/2016\/06\/141107_Maggio_010_small-705x456.jpg 705w, https:\/\/www.ilmaggiociondolo.com\/wp-content\/uploads\/2016\/06\/141107_Maggio_010_small-450x291.jpg 450w, https:\/\/www.ilmaggiociondolo.com\/wp-content\/uploads\/2016\/06\/141107_Maggio_010_small.jpg 1277w\" data-sizes=\"(max-width: 1030px) 100vw, 1030px\"  title=\"Il territorio del Tretto &#8211; Agriturismo Il Maggiociondolo Schio in Provincia di Vicenza\" alt=\"Il territorio del Tretto - Agriturismo Il Maggiociondolo Schio in Provincia di Vicenza\" ><div class='aviaccordion-preview av-accordion-text-center'><\/div><img loading=\"lazy\" decoding=\"async\" width=\"710\" height=\"375\" src=\"https:\/\/www.ilmaggiociondolo.com\/wp-content\/uploads\/2016\/06\/141107_Maggio_010_small-710x375.jpg\" class=\"aviaccordion-image\" alt=\"Il territorio del Tretto - Agriturismo Il Maggiociondolo Schio in Provincia di Vicenza\" \/><\/a><\/li><li class='aviaccordion-slide av-av_slideshow_accordion-bcdca8573c11da3a6c7eedadcf1ae8db__1 aviaccordion-slide-2' data-av-left='10'  itemscope=\"itemscope\" itemtype=\"https:\/\/schema.org\/CreativeWork\" ><a class='aviaccordion-slide-link noHover' href=\"https:\/\/www.ilmaggiociondolo.com\/wp-content\/uploads\/2016\/06\/141211_Maggio_007_small-1030x686.jpg\" data-srcset=\"https:\/\/www.ilmaggiociondolo.com\/wp-content\/uploads\/2016\/06\/141211_Maggio_007_small-1030x686.jpg 1030w, https:\/\/www.ilmaggiociondolo.com\/wp-content\/uploads\/2016\/06\/141211_Maggio_007_small-300x200.jpg 300w, https:\/\/www.ilmaggiociondolo.com\/wp-content\/uploads\/2016\/06\/141211_Maggio_007_small-768x511.jpg 768w, https:\/\/www.ilmaggiociondolo.com\/wp-content\/uploads\/2016\/06\/141211_Maggio_007_small-705x469.jpg 705w, https:\/\/www.ilmaggiociondolo.com\/wp-content\/uploads\/2016\/06\/141211_Maggio_007_small-450x300.jpg 450w, https:\/\/www.ilmaggiociondolo.com\/wp-content\/uploads\/2016\/06\/141211_Maggio_007_small.jpg 1277w\" data-sizes=\"(max-width: 1030px) 100vw, 1030px\"  title=\"Agriturismo vicino a Schio Il Maggiociondolo\" alt=\"Agriturismo vicino a Schio Il Maggiociondolo\" ><div class='aviaccordion-preview av-accordion-text-center'><\/div><img loading=\"lazy\" decoding=\"async\" width=\"710\" height=\"375\" src=\"https:\/\/www.ilmaggiociondolo.com\/wp-content\/uploads\/2016\/06\/141211_Maggio_007_small-710x375.jpg\" class=\"aviaccordion-image\" alt=\"Agriturismo vicino a Schio Il Maggiociondolo\" \/><\/a><\/li><li class='aviaccordion-slide av-av_slideshow_accordion-bcdca8573c11da3a6c7eedadcf1ae8db__2 aviaccordion-slide-3' data-av-left='20'  itemscope=\"itemscope\" itemtype=\"https:\/\/schema.org\/CreativeWork\" ><a class='aviaccordion-slide-link noHover' href=\"https:\/\/www.ilmaggiociondolo.com\/wp-content\/uploads\/2014\/08\/150624_Maggio_015_2_small-1030x686.jpg\" data-srcset=\"https:\/\/www.ilmaggiociondolo.com\/wp-content\/uploads\/2014\/08\/150624_Maggio_015_2_small-1030x686.jpg 1030w, https:\/\/www.ilmaggiociondolo.com\/wp-content\/uploads\/2014\/08\/150624_Maggio_015_2_small-300x200.jpg 300w, https:\/\/www.ilmaggiociondolo.com\/wp-content\/uploads\/2014\/08\/150624_Maggio_015_2_small-768x511.jpg 768w, https:\/\/www.ilmaggiociondolo.com\/wp-content\/uploads\/2014\/08\/150624_Maggio_015_2_small-705x469.jpg 705w, https:\/\/www.ilmaggiociondolo.com\/wp-content\/uploads\/2014\/08\/150624_Maggio_015_2_small-450x300.jpg 450w, https:\/\/www.ilmaggiociondolo.com\/wp-content\/uploads\/2014\/08\/150624_Maggio_015_2_small.jpg 1400w\" data-sizes=\"(max-width: 1030px) 100vw, 1030px\"  title=\"Il Maggiociondolo Agriturismo Schio\" alt=\"Il Maggiociondolo Agriturismo Schio\" ><div class='aviaccordion-preview av-accordion-text-center'><\/div><img loading=\"lazy\" decoding=\"async\" width=\"710\" height=\"375\" src=\"https:\/\/www.ilmaggiociondolo.com\/wp-content\/uploads\/2014\/08\/150624_Maggio_015_2_small-710x375.jpg\" class=\"aviaccordion-image\" alt=\"Il Maggiociondolo Agriturismo Schio\" \/><\/a><\/li><li class='aviaccordion-slide av-av_slideshow_accordion-bcdca8573c11da3a6c7eedadcf1ae8db__3 aviaccordion-slide-4' data-av-left='30'  itemscope=\"itemscope\" itemtype=\"https:\/\/schema.org\/CreativeWork\" ><a class='aviaccordion-slide-link noHover' href=\"https:\/\/www.ilmaggiociondolo.com\/wp-content\/uploads\/2016\/06\/150918_Maggio_011_small-1030x686.jpg\" data-srcset=\"https:\/\/www.ilmaggiociondolo.com\/wp-content\/uploads\/2016\/06\/150918_Maggio_011_small-1030x686.jpg 1030w, https:\/\/www.ilmaggiociondolo.com\/wp-content\/uploads\/2016\/06\/150918_Maggio_011_small-300x200.jpg 300w, https:\/\/www.ilmaggiociondolo.com\/wp-content\/uploads\/2016\/06\/150918_Maggio_011_small-768x511.jpg 768w, https:\/\/www.ilmaggiociondolo.com\/wp-content\/uploads\/2016\/06\/150918_Maggio_011_small-705x469.jpg 705w, https:\/\/www.ilmaggiociondolo.com\/wp-content\/uploads\/2016\/06\/150918_Maggio_011_small-450x300.jpg 450w, https:\/\/www.ilmaggiociondolo.com\/wp-content\/uploads\/2016\/06\/150918_Maggio_011_small.jpg 1277w\" data-sizes=\"(max-width: 1030px) 100vw, 1030px\"  title=\"Agriturismo vicino a Schio Il Maggiociondolo\" alt=\"Agriturismo vicino a Schio Il Maggiociondolo\" ><div class='aviaccordion-preview av-accordion-text-center'><\/div><img loading=\"lazy\" decoding=\"async\" width=\"710\" height=\"375\" src=\"https:\/\/www.ilmaggiociondolo.com\/wp-content\/uploads\/2016\/06\/150918_Maggio_011_small-710x375.jpg\" class=\"aviaccordion-image\" alt=\"Agriturismo vicino a Schio Il Maggiociondolo\" \/><\/a><\/li><li class='aviaccordion-slide av-av_slideshow_accordion-bcdca8573c11da3a6c7eedadcf1ae8db__4 aviaccordion-slide-5' data-av-left='40'  itemscope=\"itemscope\" itemtype=\"https:\/\/schema.org\/CreativeWork\" ><a class='aviaccordion-slide-link noHover' href=\"https:\/\/www.ilmaggiociondolo.com\/wp-content\/uploads\/2016\/06\/160114_Neve_008_small-1030x686.jpg\" data-srcset=\"https:\/\/www.ilmaggiociondolo.com\/wp-content\/uploads\/2016\/06\/160114_Neve_008_small-1030x686.jpg 1030w, https:\/\/www.ilmaggiociondolo.com\/wp-content\/uploads\/2016\/06\/160114_Neve_008_small-300x200.jpg 300w, https:\/\/www.ilmaggiociondolo.com\/wp-content\/uploads\/2016\/06\/160114_Neve_008_small-768x511.jpg 768w, https:\/\/www.ilmaggiociondolo.com\/wp-content\/uploads\/2016\/06\/160114_Neve_008_small-705x469.jpg 705w, https:\/\/www.ilmaggiociondolo.com\/wp-content\/uploads\/2016\/06\/160114_Neve_008_small-450x300.jpg 450w, https:\/\/www.ilmaggiociondolo.com\/wp-content\/uploads\/2016\/06\/160114_Neve_008_small.jpg 1277w\" data-sizes=\"(max-width: 1030px) 100vw, 1030px\"  title=\"Agriturismo vicino a Schio Il Maggiociondolo\" alt=\"Agriturismo vicino a Schio Il Maggiociondolo\" ><div class='aviaccordion-preview av-accordion-text-center'><\/div><img loading=\"lazy\" decoding=\"async\" width=\"710\" height=\"375\" src=\"https:\/\/www.ilmaggiociondolo.com\/wp-content\/uploads\/2016\/06\/160114_Neve_008_small-710x375.jpg\" class=\"aviaccordion-image\" alt=\"Agriturismo vicino a Schio Il Maggiociondolo\" \/><\/a><\/li><li class='aviaccordion-slide av-av_slideshow_accordion-bcdca8573c11da3a6c7eedadcf1ae8db__5 aviaccordion-slide-6' data-av-left='50'  itemscope=\"itemscope\" itemtype=\"https:\/\/schema.org\/CreativeWork\" ><a class='aviaccordion-slide-link noHover' href=\"https:\/\/www.ilmaggiociondolo.com\/wp-content\/uploads\/2016\/06\/160414_Maggio_004_small-1030x686.jpg\" data-srcset=\"https:\/\/www.ilmaggiociondolo.com\/wp-content\/uploads\/2016\/06\/160414_Maggio_004_small-1030x686.jpg 1030w, https:\/\/www.ilmaggiociondolo.com\/wp-content\/uploads\/2016\/06\/160414_Maggio_004_small-300x200.jpg 300w, https:\/\/www.ilmaggiociondolo.com\/wp-content\/uploads\/2016\/06\/160414_Maggio_004_small-768x511.jpg 768w, https:\/\/www.ilmaggiociondolo.com\/wp-content\/uploads\/2016\/06\/160414_Maggio_004_small-705x469.jpg 705w, https:\/\/www.ilmaggiociondolo.com\/wp-content\/uploads\/2016\/06\/160414_Maggio_004_small-450x300.jpg 450w, https:\/\/www.ilmaggiociondolo.com\/wp-content\/uploads\/2016\/06\/160414_Maggio_004_small.jpg 1277w\" data-sizes=\"(max-width: 1030px) 100vw, 1030px\"  title=\"Agriturismo vicino a Schio Il Maggiociondolo\" alt=\"Agriturismo vicino a Schio Il Maggiociondolo\" ><div class='aviaccordion-preview av-accordion-text-center'><\/div><img loading=\"lazy\" decoding=\"async\" width=\"710\" height=\"375\" src=\"https:\/\/www.ilmaggiociondolo.com\/wp-content\/uploads\/2016\/06\/160414_Maggio_004_small-710x375.jpg\" class=\"aviaccordion-image\" alt=\"Agriturismo vicino a Schio Il Maggiociondolo\" \/><\/a><\/li><li class='aviaccordion-slide av-av_slideshow_accordion-bcdca8573c11da3a6c7eedadcf1ae8db__6 aviaccordion-slide-7' data-av-left='60'  itemscope=\"itemscope\" itemtype=\"https:\/\/schema.org\/CreativeWork\" ><a class='aviaccordion-slide-link noHover' href=\"https:\/\/www.ilmaggiociondolo.com\/wp-content\/uploads\/2014\/08\/160115_Maggio_005_small-1030x686.jpg\" data-srcset=\"https:\/\/www.ilmaggiociondolo.com\/wp-content\/uploads\/2014\/08\/160115_Maggio_005_small-1030x686.jpg 1030w, https:\/\/www.ilmaggiociondolo.com\/wp-content\/uploads\/2014\/08\/160115_Maggio_005_small-300x200.jpg 300w, https:\/\/www.ilmaggiociondolo.com\/wp-content\/uploads\/2014\/08\/160115_Maggio_005_small-768x511.jpg 768w, https:\/\/www.ilmaggiociondolo.com\/wp-content\/uploads\/2014\/08\/160115_Maggio_005_small-705x469.jpg 705w, https:\/\/www.ilmaggiociondolo.com\/wp-content\/uploads\/2014\/08\/160115_Maggio_005_small-450x300.jpg 450w, https:\/\/www.ilmaggiociondolo.com\/wp-content\/uploads\/2014\/08\/160115_Maggio_005_small.jpg 1400w\" data-sizes=\"(max-width: 1030px) 100vw, 1030px\"  title=\"Il Maggiociondolo Agriturismo Schio\" alt=\"Il Maggiociondolo Agriturismo Schio\" ><div class='aviaccordion-preview av-accordion-text-center'><\/div><img loading=\"lazy\" decoding=\"async\" width=\"710\" height=\"375\" src=\"https:\/\/www.ilmaggiociondolo.com\/wp-content\/uploads\/2014\/08\/160115_Maggio_005_small-710x375.jpg\" class=\"aviaccordion-image\" alt=\"Il Maggiociondolo Agriturismo Schio\" \/><\/a><\/li><li class='aviaccordion-slide av-av_slideshow_accordion-bcdca8573c11da3a6c7eedadcf1ae8db__7 aviaccordion-slide-8' data-av-left='70'  itemscope=\"itemscope\" itemtype=\"https:\/\/schema.org\/CreativeWork\" ><a class='aviaccordion-slide-link noHover' href=\"https:\/\/www.ilmaggiociondolo.com\/wp-content\/uploads\/2016\/06\/DSC_3963_small-1030x686.jpg\" data-srcset=\"https:\/\/www.ilmaggiociondolo.com\/wp-content\/uploads\/2016\/06\/DSC_3963_small-1030x686.jpg 1030w, https:\/\/www.ilmaggiociondolo.com\/wp-content\/uploads\/2016\/06\/DSC_3963_small-300x200.jpg 300w, https:\/\/www.ilmaggiociondolo.com\/wp-content\/uploads\/2016\/06\/DSC_3963_small-768x511.jpg 768w, https:\/\/www.ilmaggiociondolo.com\/wp-content\/uploads\/2016\/06\/DSC_3963_small-705x469.jpg 705w, https:\/\/www.ilmaggiociondolo.com\/wp-content\/uploads\/2016\/06\/DSC_3963_small-450x300.jpg 450w, https:\/\/www.ilmaggiociondolo.com\/wp-content\/uploads\/2016\/06\/DSC_3963_small.jpg 1277w\" data-sizes=\"(max-width: 1030px) 100vw, 1030px\"  title=\"Il Tretto, vicino a Schio Agriturismo Il Maggiociondolo\" alt=\"Il Tretto, vicino a Schio Agriturismo Il Maggiociondolo\" ><div class='aviaccordion-preview av-accordion-text-center'><\/div><img loading=\"lazy\" decoding=\"async\" width=\"710\" height=\"375\" src=\"https:\/\/www.ilmaggiociondolo.com\/wp-content\/uploads\/2016\/06\/DSC_3963_small-710x375.jpg\" class=\"aviaccordion-image\" alt=\"Il Tretto, vicino a Schio Agriturismo Il Maggiociondolo\" \/><\/a><\/li><li class='aviaccordion-slide av-av_slideshow_accordion-bcdca8573c11da3a6c7eedadcf1ae8db__8 aviaccordion-slide-9' data-av-left='80'  itemscope=\"itemscope\" itemtype=\"https:\/\/schema.org\/CreativeWork\" ><a class='aviaccordion-slide-link noHover' href=\"https:\/\/www.ilmaggiociondolo.com\/wp-content\/uploads\/2016\/06\/DSC_4535_2_small-1030x686.jpg\" data-srcset=\"https:\/\/www.ilmaggiociondolo.com\/wp-content\/uploads\/2016\/06\/DSC_4535_2_small-1030x686.jpg 1030w, https:\/\/www.ilmaggiociondolo.com\/wp-content\/uploads\/2016\/06\/DSC_4535_2_small-300x200.jpg 300w, https:\/\/www.ilmaggiociondolo.com\/wp-content\/uploads\/2016\/06\/DSC_4535_2_small-768x511.jpg 768w, https:\/\/www.ilmaggiociondolo.com\/wp-content\/uploads\/2016\/06\/DSC_4535_2_small-705x469.jpg 705w, https:\/\/www.ilmaggiociondolo.com\/wp-content\/uploads\/2016\/06\/DSC_4535_2_small-450x300.jpg 450w, https:\/\/www.ilmaggiociondolo.com\/wp-content\/uploads\/2016\/06\/DSC_4535_2_small.jpg 1277w\" data-sizes=\"(max-width: 1030px) 100vw, 1030px\"  title=\"Il territorio del Tretto &#8211; Agriturismo Il Maggiociondolo a Schio Vicenza\" alt=\"Il territorio del Tretto - Agriturismo Il Maggiociondolo a Schio Vicenza\" ><div class='aviaccordion-preview av-accordion-text-center'><\/div><img loading=\"lazy\" decoding=\"async\" width=\"710\" height=\"375\" src=\"https:\/\/www.ilmaggiociondolo.com\/wp-content\/uploads\/2016\/06\/DSC_4535_2_small-710x375.jpg\" class=\"aviaccordion-image\" alt=\"Il territorio del Tretto - Agriturismo Il Maggiociondolo a Schio Vicenza\" \/><\/a><\/li><li class='aviaccordion-slide av-av_slideshow_accordion-bcdca8573c11da3a6c7eedadcf1ae8db__9 aviaccordion-slide-10' data-av-left='90'  itemscope=\"itemscope\" itemtype=\"https:\/\/schema.org\/CreativeWork\" ><a class='aviaccordion-slide-link noHover' href=\"https:\/\/www.ilmaggiociondolo.com\/wp-content\/uploads\/2014\/08\/Neve2-1030x686.jpg\" data-srcset=\"https:\/\/www.ilmaggiociondolo.com\/wp-content\/uploads\/2014\/08\/Neve2-1030x686.jpg 1030w, https:\/\/www.ilmaggiociondolo.com\/wp-content\/uploads\/2014\/08\/Neve2-300x200.jpg 300w, https:\/\/www.ilmaggiociondolo.com\/wp-content\/uploads\/2014\/08\/Neve2-768x511.jpg 768w, https:\/\/www.ilmaggiociondolo.com\/wp-content\/uploads\/2014\/08\/Neve2-705x469.jpg 705w, https:\/\/www.ilmaggiociondolo.com\/wp-content\/uploads\/2014\/08\/Neve2-450x300.jpg 450w, https:\/\/www.ilmaggiociondolo.com\/wp-content\/uploads\/2014\/08\/Neve2.jpg 1400w\" data-sizes=\"(max-width: 1030px) 100vw, 1030px\"  title=\"Il Maggiociondolo Agriturismo Schio\" alt=\"Il Maggiociondolo Agriturismo Schio\" ><div class='aviaccordion-preview av-accordion-text-center'><\/div><img loading=\"lazy\" decoding=\"async\" width=\"710\" height=\"375\" src=\"https:\/\/www.ilmaggiociondolo.com\/wp-content\/uploads\/2014\/08\/Neve2-710x375.jpg\" class=\"aviaccordion-image\" alt=\"Il Maggiociondolo Agriturismo Schio\" \/><\/a><\/li><\/ul><div class='aviaccordion-spacer' style='padding-bottom:52.816901408451%'><\/div><\/div><\/p>\n<div id='av_section_3'  class='avia-section av-av_section-773bb6d9525119f457c9934c85c049cb alternate_color avia-section-large avia-no-border-styling  avia-builder-el-10  el_after_av_slideshow_accordion  avia-builder-el-last  avia-bg-style-scroll container_wrap sidebar_right'  ><div class='container av-section-cont-open' ><div class='template-page content  av-content-small alpha units'><div class='post-entry post-entry-type-page post-entry-831'><div class='entry-content-wrapper clearfix'>\n\n<style type=\"text\/css\" data-created_by=\"avia_inline_auto\" id=\"style-css-av-av_heading-8cf49c4fd90f0b76b1da1178cb37df09\">\n#top .av-special-heading.av-av_heading-8cf49c4fd90f0b76b1da1178cb37df09{\npadding-bottom:70px;\nfont-size:34px;\n}\nbody .av-special-heading.av-av_heading-8cf49c4fd90f0b76b1da1178cb37df09 .av-special-heading-tag .heading-char{\nfont-size:25px;\n}\n#top #wrap_all .av-special-heading.av-av_heading-8cf49c4fd90f0b76b1da1178cb37df09 .av-special-heading-tag{\nfont-size:34px;\n}\n.av-special-heading.av-av_heading-8cf49c4fd90f0b76b1da1178cb37df09 .av-subheading{\nfont-size:15px;\n}\n\n@media only screen and (min-width: 480px) and (max-width: 767px){ \n#top #wrap_all .av-special-heading.av-av_heading-8cf49c4fd90f0b76b1da1178cb37df09 .av-special-heading-tag{\nfont-size:0.8em;\n}\n}\n\n@media only screen and (max-width: 479px){ \n#top #wrap_all .av-special-heading.av-av_heading-8cf49c4fd90f0b76b1da1178cb37df09 .av-special-heading-tag{\nfont-size:0.8em;\n}\n}\n<\/style>\n<div  class='av-special-heading av-av_heading-8cf49c4fd90f0b76b1da1178cb37df09 av-special-heading-h3 blockquote modern-quote modern-centered  avia-builder-el-11  el_before_av_one_half  avia-builder-el-first  av-inherit-size'><h3 class='av-special-heading-tag '  itemprop=\"headline\"  >Was wir Ihnen anbieten<\/h3><div class=\"special-heading-border\"><div class=\"special-heading-inner-border\"><\/div><\/div><\/div>\n<div  class='flex_column av-av_one_half-2a9015ff38129c418a3f2eafba3e9512 av_one_half  avia-builder-el-12  el_after_av_heading  el_before_av_one_half  first flex_column_div  '     ><article  class='iconbox iconbox_left_content av-av_icon_box-4532fde6969c99f51d4a8f5ed877bbd2  avia-builder-el-13  avia-builder-el-no-sibling '  itemscope=\"itemscope\" itemtype=\"https:\/\/schema.org\/CreativeWork\" ><div class='iconbox_icon heading-color avia-iconfont avia-font-entypo-fontello' data-av_icon='\ue821' data-av_iconfont='entypo-fontello'  ><\/div><div class=\"iconbox_content\"><header class=\"entry-content-header\" aria-label=\"Icon: Zimmer mit Fr\u00fchst\u00fcck\"><h3 class='iconbox_content_title '  itemprop=\"headline\" >Zimmer mit Fr\u00fchst\u00fcck<\/h3><\/header><div class='iconbox_content_container '  itemprop=\"text\" ><p>Sie werden in einem unserer 7 ger\u00e4umigen Zimmer schlafen, an einem ruhigen Ort umgeben von Natur, nur wenige Kilometer entfernt von der Stadt.<\/p>\n<\/div><\/div><footer class=\"entry-footer\"><\/footer><\/article><\/div>\n<style type=\"text\/css\" data-created_by=\"avia_inline_auto\" id=\"style-css-av-av_one_half-0aa7055fe62c3622faec82866afbaeb2\">\n.flex_column.av-av_one_half-0aa7055fe62c3622faec82866afbaeb2{\nborder-radius:0px 0px 0px 0px;\npadding:0px 0px 0px 0px;\n}\n<\/style>\n<div  class='flex_column av-av_one_half-0aa7055fe62c3622faec82866afbaeb2 av_one_half  avia-builder-el-14  el_after_av_one_half  el_before_av_one_half  flex_column_div av-zero-column-padding  '     ><article  class='iconbox iconbox_left_content av-av_icon_box-ab754c3a81206d7f55a376444631a25c  avia-builder-el-15  avia-builder-el-no-sibling '  itemscope=\"itemscope\" itemtype=\"https:\/\/schema.org\/CreativeWork\" ><div class='iconbox_icon heading-color avia-iconfont avia-font-entypo-fontello' data-av_icon='\ue808' data-av_iconfont='entypo-fontello'  ><\/div><div class=\"iconbox_content\"><header class=\"entry-content-header\" aria-label=\"Icon: Veranstaltungsort\"><h3 class='iconbox_content_title '  itemprop=\"headline\" >Veranstaltungsort<\/h3><\/header><div class='iconbox_content_container '  itemprop=\"text\" ><p>Egal, ob Sie eine gro\u00dfe Feier wie eine Hochzeit, ein Seminar oder ein Gesch\u00e4ftstreffen organisieren m\u00f6chten, ist das Bauernhaus mit idealen R\u00e4umen ausgestattet und geeignet f\u00fcr jede Art von Veranstaltung.<\/p>\n<\/div><\/div><footer class=\"entry-footer\"><\/footer><\/article><\/div><div  class='flex_column av-av_one_half-2a9015ff38129c418a3f2eafba3e9512 av_one_half  avia-builder-el-16  el_after_av_one_half  el_before_av_one_half  first flex_column_div  column-top-margin'     ><article  class='iconbox iconbox_left_content av-av_icon_box-4739d0855ee889c485fcc8c26f9542ca  avia-builder-el-17  avia-builder-el-no-sibling '  itemscope=\"itemscope\" itemtype=\"https:\/\/schema.org\/CreativeWork\" ><div class='iconbox_icon heading-color avia-iconfont avia-font-entypo-fontello' data-av_icon='\ue8b8' data-av_iconfont='entypo-fontello'  ><\/div><div class=\"iconbox_content\"><header class=\"entry-content-header\" aria-label=\"Icon: Naturprodukte, mit Leidenschaft kultiviert\"><h3 class='iconbox_content_title '  itemprop=\"headline\" >Naturprodukte, mit Leidenschaft kultiviert<\/h3><\/header><div class='iconbox_content_container '  itemprop=\"text\" ><p>Sie k\u00f6nnen unser k\u00f6stliches Fr\u00fchst\u00fcck aus Lebensmitteln gr\u00f6sstenteils selbst produziert auf unserem Bauernhof genie\u00dfen. Von Marmeladen bis S\u00e4ften, \u00fcber Brot, Kuchen, Joghurt bis zu Kr\u00e4utertees, die Sie auch in unserem kleinen Laden kaufen k\u00f6nnen.<\/p>\n<\/div><\/div><footer class=\"entry-footer\"><\/footer><\/article><\/div>\n<style type=\"text\/css\" data-created_by=\"avia_inline_auto\" id=\"style-css-av-av_one_half-9c1d454dc06f7247226bc4e8f931daae\">\n.flex_column.av-av_one_half-9c1d454dc06f7247226bc4e8f931daae{\nborder-radius:0px 0px 0px 0px;\npadding:0px 0px 0px 0px;\n}\n<\/style>\n<div  class='flex_column av-av_one_half-9c1d454dc06f7247226bc4e8f931daae av_one_half  avia-builder-el-18  el_after_av_one_half  avia-builder-el-last  flex_column_div av-zero-column-padding  column-top-margin'     ><article  class='iconbox iconbox_left_content av-av_icon_box-c13d34ed99c8fa075478eda6eb0c9081  avia-builder-el-19  avia-builder-el-no-sibling '  itemscope=\"itemscope\" itemtype=\"https:\/\/schema.org\/CreativeWork\" ><div class='iconbox_icon heading-color avia-iconfont avia-font-entypo-fontello' data-av_icon='\ue842' data-av_iconfont='entypo-fontello'  ><\/div><div class=\"iconbox_content\"><header class=\"entry-content-header\" aria-label=\"Icon: Tour\"><h3 class='iconbox_content_title '  itemprop=\"headline\" >Tour<\/h3><\/header><div class='iconbox_content_container '  itemprop=\"text\" ><p>Idealer Ausgangspunkt f\u00fcr Ausfl\u00fcge in die kleinen Dolomiten. F\u00fchrungen auf Anfrage, Vermietung von E-Mountainbikes.<\/p>\n<\/div><\/div><footer class=\"entry-footer\"><\/footer><\/article><\/div><\/div><\/div><\/div><!-- close content main div --><\/div><\/div><div id='after_section_3'  class='main_color av_default_container_wrap container_wrap sidebar_right'  ><div class='container av-section-cont-open' ><div class='template-page content  av-content-small alpha units'><div class='post-entry post-entry-type-page post-entry-831'><div class='entry-content-wrapper clearfix'>\n","protected":false},"excerpt":{"rendered":"","protected":false},"author":1,"featured_media":0,"parent":0,"menu_order":0,"comment_status":"closed","ping_status":"closed","template":"","meta":{"footnotes":""},"class_list":["post-831","page","type-page","status-publish","hentry"],"yoast_head":"<!-- This site is optimized with the Yoast SEO plugin v27.4 - https:\/\/yoast.com\/product\/yoast-seo-wordpress\/ -->\n<title>L&#039;agriturismo Il Maggiociondolo in provincia di Vicenza<\/title>\n<meta name=\"description\" content=\"L\u2019agriturismo Il Maggiociondolo \u00e8 adagiato sulle pendici delle Prealpi vicentine, ad un altitudine di 700 metri, nel cuore dell&#039;altipiano del Tretto.\" \/>\n<meta name=\"robots\" content=\"index, follow, max-snippet:-1, max-image-preview:large, max-video-preview:-1\" \/>\n<link rel=\"canonical\" href=\"https:\/\/www.ilmaggiociondolo.com\/de\/agriturismo\/\" \/>\n<meta property=\"og:locale\" content=\"de_DE\" \/>\n<meta property=\"og:type\" content=\"article\" \/>\n<meta property=\"og:title\" content=\"L&#039;agriturismo Il Maggiociondolo in provincia di Vicenza\" \/>\n<meta property=\"og:description\" content=\"L\u2019agriturismo Il Maggiociondolo \u00e8 adagiato sulle pendici delle Prealpi vicentine, ad un altitudine di 700 metri, nel cuore dell&#039;altipiano del Tretto.\" \/>\n<meta property=\"og:url\" content=\"https:\/\/www.ilmaggiociondolo.com\/de\/agriturismo\/\" \/>\n<meta property=\"og:site_name\" content=\"Agriturismo Il Maggiociondolo\" \/>\n<meta property=\"article:modified_time\" content=\"2021-07-13T07:51:54+00:00\" \/>\n<meta name=\"twitter:card\" content=\"summary_large_image\" \/>\n<meta name=\"twitter:label1\" content=\"Gesch\u00e4tzte Lesezeit\" \/>\n\t<meta name=\"twitter:data1\" content=\"7\u00a0Minuten\" \/>\n<script type=\"application\/ld+json\" class=\"yoast-schema-graph\">{\"@context\":\"https:\\\/\\\/schema.org\",\"@graph\":[{\"@type\":\"WebPage\",\"@id\":\"https:\\\/\\\/www.ilmaggiociondolo.com\\\/de\\\/agriturismo\\\/\",\"url\":\"https:\\\/\\\/www.ilmaggiociondolo.com\\\/de\\\/agriturismo\\\/\",\"name\":\"L'agriturismo Il Maggiociondolo in provincia di Vicenza\",\"isPartOf\":{\"@id\":\"https:\\\/\\\/www.ilmaggiociondolo.com\\\/#website\"},\"datePublished\":\"2014-08-24T15:14:26+00:00\",\"dateModified\":\"2021-07-13T07:51:54+00:00\",\"description\":\"L\u2019agriturismo Il Maggiociondolo \u00e8 adagiato sulle pendici delle Prealpi vicentine, ad un altitudine di 700 metri, nel cuore dell'altipiano del Tretto.\",\"breadcrumb\":{\"@id\":\"https:\\\/\\\/www.ilmaggiociondolo.com\\\/de\\\/agriturismo\\\/#breadcrumb\"},\"inLanguage\":\"de\",\"potentialAction\":[{\"@type\":\"ReadAction\",\"target\":[\"https:\\\/\\\/www.ilmaggiociondolo.com\\\/de\\\/agriturismo\\\/\"]}]},{\"@type\":\"BreadcrumbList\",\"@id\":\"https:\\\/\\\/www.ilmaggiociondolo.com\\\/de\\\/agriturismo\\\/#breadcrumb\",\"itemListElement\":[{\"@type\":\"ListItem\",\"position\":1,\"name\":\"Home\",\"item\":\"https:\\\/\\\/www.ilmaggiociondolo.com\\\/de\\\/\"},{\"@type\":\"ListItem\",\"position\":2,\"name\":\"Agriturismo\"}]},{\"@type\":\"WebSite\",\"@id\":\"https:\\\/\\\/www.ilmaggiociondolo.com\\\/#website\",\"url\":\"https:\\\/\\\/www.ilmaggiociondolo.com\\\/\",\"name\":\"Agriturismo Il Maggiociondolo\",\"description\":\"Agriturismo immerso nella natura a Schio\",\"potentialAction\":[{\"@type\":\"SearchAction\",\"target\":{\"@type\":\"EntryPoint\",\"urlTemplate\":\"https:\\\/\\\/www.ilmaggiociondolo.com\\\/?s={search_term_string}\"},\"query-input\":{\"@type\":\"PropertyValueSpecification\",\"valueRequired\":true,\"valueName\":\"search_term_string\"}}],\"inLanguage\":\"de\"}]}<\/script>\n<!-- \/ Yoast SEO plugin. -->","yoast_head_json":{"title":"L'agriturismo Il Maggiociondolo in provincia di Vicenza","description":"L\u2019agriturismo Il Maggiociondolo \u00e8 adagiato sulle pendici delle Prealpi vicentine, ad un altitudine di 700 metri, nel cuore dell'altipiano del Tretto.","robots":{"index":"index","follow":"follow","max-snippet":"max-snippet:-1","max-image-preview":"max-image-preview:large","max-video-preview":"max-video-preview:-1"},"canonical":"https:\/\/www.ilmaggiociondolo.com\/de\/agriturismo\/","og_locale":"de_DE","og_type":"article","og_title":"L'agriturismo Il Maggiociondolo in provincia di Vicenza","og_description":"L\u2019agriturismo Il Maggiociondolo \u00e8 adagiato sulle pendici delle Prealpi vicentine, ad un altitudine di 700 metri, nel cuore dell'altipiano del Tretto.","og_url":"https:\/\/www.ilmaggiociondolo.com\/de\/agriturismo\/","og_site_name":"Agriturismo Il Maggiociondolo","article_modified_time":"2021-07-13T07:51:54+00:00","twitter_card":"summary_large_image","twitter_misc":{"Gesch\u00e4tzte Lesezeit":"7\u00a0Minuten"},"schema":{"@context":"https:\/\/schema.org","@graph":[{"@type":"WebPage","@id":"https:\/\/www.ilmaggiociondolo.com\/de\/agriturismo\/","url":"https:\/\/www.ilmaggiociondolo.com\/de\/agriturismo\/","name":"L'agriturismo Il Maggiociondolo in provincia di Vicenza","isPartOf":{"@id":"https:\/\/www.ilmaggiociondolo.com\/#website"},"datePublished":"2014-08-24T15:14:26+00:00","dateModified":"2021-07-13T07:51:54+00:00","description":"L\u2019agriturismo Il Maggiociondolo \u00e8 adagiato sulle pendici delle Prealpi vicentine, ad un altitudine di 700 metri, nel cuore dell'altipiano del Tretto.","breadcrumb":{"@id":"https:\/\/www.ilmaggiociondolo.com\/de\/agriturismo\/#breadcrumb"},"inLanguage":"de","potentialAction":[{"@type":"ReadAction","target":["https:\/\/www.ilmaggiociondolo.com\/de\/agriturismo\/"]}]},{"@type":"BreadcrumbList","@id":"https:\/\/www.ilmaggiociondolo.com\/de\/agriturismo\/#breadcrumb","itemListElement":[{"@type":"ListItem","position":1,"name":"Home","item":"https:\/\/www.ilmaggiociondolo.com\/de\/"},{"@type":"ListItem","position":2,"name":"Agriturismo"}]},{"@type":"WebSite","@id":"https:\/\/www.ilmaggiociondolo.com\/#website","url":"https:\/\/www.ilmaggiociondolo.com\/","name":"Agriturismo Il Maggiociondolo","description":"Agriturismo immerso nella natura a Schio","potentialAction":[{"@type":"SearchAction","target":{"@type":"EntryPoint","urlTemplate":"https:\/\/www.ilmaggiociondolo.com\/?s={search_term_string}"},"query-input":{"@type":"PropertyValueSpecification","valueRequired":true,"valueName":"search_term_string"}}],"inLanguage":"de"}]}},"_links":{"self":[{"href":"https:\/\/www.ilmaggiociondolo.com\/de\/wp-json\/wp\/v2\/pages\/831","targetHints":{"allow":["GET"]}}],"collection":[{"href":"https:\/\/www.ilmaggiociondolo.com\/de\/wp-json\/wp\/v2\/pages"}],"about":[{"href":"https:\/\/www.ilmaggiociondolo.com\/de\/wp-json\/wp\/v2\/types\/page"}],"author":[{"embeddable":true,"href":"https:\/\/www.ilmaggiociondolo.com\/de\/wp-json\/wp\/v2\/users\/1"}],"replies":[{"embeddable":true,"href":"https:\/\/www.ilmaggiociondolo.com\/de\/wp-json\/wp\/v2\/comments?post=831"}],"version-history":[{"count":5,"href":"https:\/\/www.ilmaggiociondolo.com\/de\/wp-json\/wp\/v2\/pages\/831\/revisions"}],"predecessor-version":[{"id":1712,"href":"https:\/\/www.ilmaggiociondolo.com\/de\/wp-json\/wp\/v2\/pages\/831\/revisions\/1712"}],"wp:attachment":[{"href":"https:\/\/www.ilmaggiociondolo.com\/de\/wp-json\/wp\/v2\/media?parent=831"}],"curies":[{"name":"wp","href":"https:\/\/api.w.org\/{rel}","templated":true}]}}